{"version":"1.0","provider_name":"","provider_url":"https:\/\/www.youthforequality.sk","title":"\"Je to pr\u00e1ve o t\u00fdch ka\u017edodenn\u00fdch mali\u010dkostiach, ktor\u00e9 si postupne osvoj\u00edm.\" |","type":"rich","width":600,"height":338,"html":"<blockquote class=\"wp-embedded-content\" data-secret=\"maMaWPg0Ee\"><a href=\"https:\/\/www.youthforequality.sk\/index.php\/2021\/04\/10\/a\/\">&#8222;Je to pr\u00e1ve o t\u00fdch ka\u017edodenn\u00fdch mali\u010dkostiach, ktor\u00e9 si postupne osvoj\u00edm.&#8220;<\/a><\/blockquote><iframe sandbox=\"allow-scripts\" security=\"restricted\" src=\"https:\/\/www.youthforequality.sk\/index.php\/2021\/04\/10\/a\/embed\/#?secret=maMaWPg0Ee\" width=\"600\" height=\"338\" title=\"&#8220;&#8222;Je to pr\u00e1ve o t\u00fdch ka\u017edodenn\u00fdch mali\u010dkostiach, ktor\u00e9 si postupne osvoj\u00edm.&#8220;&#8221; &#8212; \" data-secret=\"maMaWPg0Ee\" frameborder=\"0\" marginwidth=\"0\" marginheight=\"0\" scrolling=\"no\" class=\"wp-embedded-content\"><\/iframe><script>\n\/*! This file is auto-generated *\/\n!function(d,l){\"use strict\";l.querySelector&&d.addEventListener&&\"undefined\"!=typeof URL&&(d.wp=d.wp||{},d.wp.receiveEmbedMessage||(d.wp.receiveEmbedMessage=function(e){var t=e.data;if((t||t.secret||t.message||t.value)&&!\/[^a-zA-Z0-9]\/.test(t.secret)){for(var s,r,n,a=l.querySelectorAll('iframe[data-secret=\"'+t.secret+'\"]'),o=l.querySelectorAll('blockquote[data-secret=\"'+t.secret+'\"]'),c=new RegExp(\"^https?:$\",\"i\"),i=0;i<o.length;i++)o[i].style.display=\"none\";for(i=0;i<a.length;i++)s=a[i],e.source===s.contentWindow&&(s.removeAttribute(\"style\"),\"height\"===t.message?(1e3<(r=parseInt(t.value,10))?r=1e3:~~r<200&&(r=200),s.height=r):\"link\"===t.message&&(r=new URL(s.getAttribute(\"src\")),n=new URL(t.value),c.test(n.protocol))&&n.host===r.host&&l.activeElement===s&&(d.top.location.href=t.value))}},d.addEventListener(\"message\",d.wp.receiveEmbedMessage,!1),l.addEventListener(\"DOMContentLoaded\",function(){for(var e,t,s=l.querySelectorAll(\"iframe.wp-embedded-content\"),r=0;r<s.length;r++)(t=(e=s[r]).getAttribute(\"data-secret\"))||(t=Math.random().toString(36).substring(2,12),e.src+=\"#?secret=\"+t,e.setAttribute(\"data-secret\",t)),e.contentWindow.postMessage({message:\"ready\",secret:t},\"*\")},!1)))}(window,document);\n\/\/# sourceURL=https:\/\/www.youthforequality.sk\/wp-includes\/js\/wp-embed.min.js\n<\/script>\n","thumbnail_url":"https:\/\/www.youthforequality.sk\/wp-content\/uploads\/2021\/04\/testimoniall.jpeg","thumbnail_width":1600,"thumbnail_height":1067,"description":"U\u017e od za\u010diatku strednej \u0161koly som sa za\u010dala viac zauj\u00edma\u0165 o&nbsp;udr\u017eate\u013enos\u0165, sna\u017eila som sa n\u00e1js\u0165 sp\u00f4soby,&nbsp; ako pom\u00f4c\u0165 na\u0161ej plan\u00e9te, no \u010dasto som zlyhala, preto\u017ee som si nadstavila nere\u00e1lne ciele, ktor\u00e9 som nikdy nedosiahla. Ve\u013ea sa zmenilo, ke\u010f sme spolu so skupinkou \u010fal\u0161\u00edch mlad\u00fdch \u013eud\u00ed vymysleli projekt Think globally, act locally \u2013 \u010do v&nbsp;preklade znamen\u00e1&hellip;&nbsp;\u010c\u00edta\u0165 viac &raquo;"}