{"version":"1.0","provider_name":"","provider_url":"https:\/\/www.youthforequality.sk","title":"\"Chceli by sme ostatn\u00fdm uk\u00e1za\u0165 r\u00f4zne sp\u00f4soby, ako prispie\u0165 k ochrane na\u0161ej kl\u00edmy, tak\u017ee ka\u017ed\u00fd si bude m\u00f4c\u0165 n\u00e1js\u0165, \u010do ho bav\u00ed a nie\u010do si z toho zobra\u0165.\" |","type":"rich","width":600,"height":338,"html":"<blockquote class=\"wp-embedded-content\" data-secret=\"Yka9H1PJF8\"><a href=\"https:\/\/www.youthforequality.sk\/index.php\/2021\/04\/10\/elementor-2832\/\">&#8222;Chceli by sme ostatn\u00fdm uk\u00e1za\u0165 r\u00f4zne sp\u00f4soby, ako prispie\u0165 k ochrane na\u0161ej kl\u00edmy, tak\u017ee ka\u017ed\u00fd si bude m\u00f4c\u0165 n\u00e1js\u0165, \u010do ho bav\u00ed a nie\u010do si z toho zobra\u0165.&#8220;<\/a><\/blockquote><iframe sandbox=\"allow-scripts\" security=\"restricted\" src=\"https:\/\/www.youthforequality.sk\/index.php\/2021\/04\/10\/elementor-2832\/embed\/#?secret=Yka9H1PJF8\" width=\"600\" height=\"338\" title=\"&#8220;&#8222;Chceli by sme ostatn\u00fdm uk\u00e1za\u0165 r\u00f4zne sp\u00f4soby, ako prispie\u0165 k ochrane na\u0161ej kl\u00edmy, tak\u017ee ka\u017ed\u00fd si bude m\u00f4c\u0165 n\u00e1js\u0165, \u010do ho bav\u00ed a nie\u010do si z toho zobra\u0165.&#8220;&#8221; &#8212; \" data-secret=\"Yka9H1PJF8\" frameborder=\"0\" marginwidth=\"0\" marginheight=\"0\" scrolling=\"no\" class=\"wp-embedded-content\"><\/iframe><script>\n\/*! This file is auto-generated *\/\n!function(d,l){\"use strict\";l.querySelector&&d.addEventListener&&\"undefined\"!=typeof URL&&(d.wp=d.wp||{},d.wp.receiveEmbedMessage||(d.wp.receiveEmbedMessage=function(e){var t=e.data;if((t||t.secret||t.message||t.value)&&!\/[^a-zA-Z0-9]\/.test(t.secret)){for(var s,r,n,a=l.querySelectorAll('iframe[data-secret=\"'+t.secret+'\"]'),o=l.querySelectorAll('blockquote[data-secret=\"'+t.secret+'\"]'),c=new RegExp(\"^https?:$\",\"i\"),i=0;i<o.length;i++)o[i].style.display=\"none\";for(i=0;i<a.length;i++)s=a[i],e.source===s.contentWindow&&(s.removeAttribute(\"style\"),\"height\"===t.message?(1e3<(r=parseInt(t.value,10))?r=1e3:~~r<200&&(r=200),s.height=r):\"link\"===t.message&&(r=new URL(s.getAttribute(\"src\")),n=new URL(t.value),c.test(n.protocol))&&n.host===r.host&&l.activeElement===s&&(d.top.location.href=t.value))}},d.addEventListener(\"message\",d.wp.receiveEmbedMessage,!1),l.addEventListener(\"DOMContentLoaded\",function(){for(var e,t,s=l.querySelectorAll(\"iframe.wp-embedded-content\"),r=0;r<s.length;r++)(t=(e=s[r]).getAttribute(\"data-secret\"))||(t=Math.random().toString(36).substring(2,12),e.src+=\"#?secret=\"+t,e.setAttribute(\"data-secret\",t)),e.contentWindow.postMessage({message:\"ready\",secret:t},\"*\")},!1)))}(window,document);\n\/\/# sourceURL=https:\/\/www.youthforequality.sk\/wp-includes\/js\/wp-embed.min.js\n<\/script>\n","thumbnail_url":"https:\/\/www.youthforequality.sk\/wp-content\/uploads\/2021\/04\/youth-of-green-town.jpeg","thumbnail_width":1600,"thumbnail_height":1067,"description":"Vol\u00e1m sa Jakub a spolu s \u010fal\u0161\u00edmi mlad\u00fdmi \u013eu\u010fmi zo Slovenska sme sa rozhodli vytvori\u0165 projekty, ktor\u00e9 by uk\u00e1zali in\u00fdm mlad\u00fdm \u013eu\u010fom, ak\u00e9 mo\u017enosti pon\u00faka Eur\u00f3pska \u00dania pre n\u00e1\u0161 osobn\u00fd rozvoj, ale aj rozvoj na\u0161ich kraj\u00edn. Takto ako skupina sme sa u\u017e zi\u0161li na nieko\u013ek\u00fdch programoch Erasmus+, ktor\u00e9 n\u00e1s nau\u010dili r\u00f4znorod\u00fdm sk\u00fasenostiam a skillsetom. Ako&hellip;&nbsp;\u010c\u00edta\u0165 viac &raquo;"}