{"version":"1.0","provider_name":"","provider_url":"https:\/\/www.youthforequality.sk","title":"Ml\u00e1de\u017en\u00edcka v\u00fdmena Meet Me in EU vol-II |","type":"rich","width":600,"height":338,"html":"<blockquote class=\"wp-embedded-content\" data-secret=\"il0nMrTpI4\"><a href=\"https:\/\/www.youthforequality.sk\/index.php\/2024\/07\/18\/mladeznicka-vymena-meet-me-in-eu-vol-ii\/\">Ml\u00e1de\u017en\u00edcka v\u00fdmena Meet Me in EU vol-II<\/a><\/blockquote><iframe sandbox=\"allow-scripts\" security=\"restricted\" src=\"https:\/\/www.youthforequality.sk\/index.php\/2024\/07\/18\/mladeznicka-vymena-meet-me-in-eu-vol-ii\/embed\/#?secret=il0nMrTpI4\" width=\"600\" height=\"338\" title=\"&#8220;Ml\u00e1de\u017en\u00edcka v\u00fdmena Meet Me in EU vol-II&#8221; &#8212; \" data-secret=\"il0nMrTpI4\" frameborder=\"0\" marginwidth=\"0\" marginheight=\"0\" scrolling=\"no\" class=\"wp-embedded-content\"><\/iframe><script>\n\/*! This file is auto-generated *\/\n!function(d,l){\"use strict\";l.querySelector&&d.addEventListener&&\"undefined\"!=typeof URL&&(d.wp=d.wp||{},d.wp.receiveEmbedMessage||(d.wp.receiveEmbedMessage=function(e){var t=e.data;if((t||t.secret||t.message||t.value)&&!\/[^a-zA-Z0-9]\/.test(t.secret)){for(var s,r,n,a=l.querySelectorAll('iframe[data-secret=\"'+t.secret+'\"]'),o=l.querySelectorAll('blockquote[data-secret=\"'+t.secret+'\"]'),c=new RegExp(\"^https?:$\",\"i\"),i=0;i<o.length;i++)o[i].style.display=\"none\";for(i=0;i<a.length;i++)s=a[i],e.source===s.contentWindow&&(s.removeAttribute(\"style\"),\"height\"===t.message?(1e3<(r=parseInt(t.value,10))?r=1e3:~~r<200&&(r=200),s.height=r):\"link\"===t.message&&(r=new URL(s.getAttribute(\"src\")),n=new URL(t.value),c.test(n.protocol))&&n.host===r.host&&l.activeElement===s&&(d.top.location.href=t.value))}},d.addEventListener(\"message\",d.wp.receiveEmbedMessage,!1),l.addEventListener(\"DOMContentLoaded\",function(){for(var e,t,s=l.querySelectorAll(\"iframe.wp-embedded-content\"),r=0;r<s.length;r++)(t=(e=s[r]).getAttribute(\"data-secret\"))||(t=Math.random().toString(36).substring(2,12),e.src+=\"#?secret=\"+t,e.setAttribute(\"data-secret\",t)),e.contentWindow.postMessage({message:\"ready\",secret:t},\"*\")},!1)))}(window,document);\n\/\/# sourceURL=https:\/\/www.youthforequality.sk\/wp-includes\/js\/wp-embed.min.js\n<\/script>\n","thumbnail_url":"https:\/\/www.youthforequality.sk\/wp-content\/uploads\/2024\/07\/Snimka-obrazovky-2024-06-07-154900-930x620-1.png","thumbnail_width":930,"thumbnail_height":620,"description":"MEET ME IN EU (ml\u00e1de\u017en\u00edcka v\u00fdmena,\u00a0\u0141\u00f3d\u017a, Po\u013esko) \u00a0 V\u010faka organiz\u00e1cii\u00a0Youth\u00a0for\u00a0Equality\u00a0sme mali mo\u017enos\u0165 z\u00fa\u010dastni\u0165 sa ml\u00e1de\u017en\u00edckej v\u00fdmeny s\u00a0n\u00e1zvom \u201cMeet\u00a0Me\u00a0in EU\u201c, ktor\u00e1 sa konala v\u00a0kr\u00e1snom po\u013eskom meste\u00a0\u0141\u00f3d\u017a. T\u00e1to ml\u00e1de\u017en\u00edcka v\u00fdmena trvala 10 dn\u00ed (od 30.06. do 09.07.) po\u010das, ktor\u00fdch sme sa naplno venovali t\u00e9me projektu.\u00a0\u00da\u010dastn\u00edci tejto ml\u00e1de\u017en\u00edckej v\u00fdmeny poch\u00e1dzali z\u00a0Po\u013eska, Talianska, \u0160panielska, Rumunska, Est\u00f3nska, Franc\u00fazska a\u00a0Slovenska.\u00a0Ubytovan\u00ed sme&hellip;&nbsp;\u010c\u00edta\u0165 viac &raquo;"}